{"id":3,"date":"2010-07-04T14:29:54","date_gmt":"2010-07-04T14:29:54","guid":{"rendered":"http:\/\/www.moniazuber.pl\/?page_id=3"},"modified":"2022-02-04T10:45:43","modified_gmt":"2022-02-04T10:45:43","slug":"monika","status":"publish","type":"page","link":"http:\/\/www.moniazuber.pl\/?page_id=3","title":{"rendered":"Monika"},"content":{"rendered":"\t\t<div data-elementor-type=\"wp-page\" data-elementor-id=\"3\" class=\"elementor elementor-3\" data-elementor-settings=\"[]\">\n\t\t\t\t\t\t<div class=\"elementor-inner\">\n\t\t\t\t\t\t\t<div class=\"elementor-section-wrap\">\n\t\t\t\t\t\t\t<section class=\"elementor-section elementor-top-section elementor-element elementor-element-4d58ed4c elementor-section-boxed elementor-section-height-default elementor-section-height-default\" data-id=\"4d58ed4c\" data-element_type=\"section\">\n\t\t\t\t\t\t<div class=\"elementor-container elementor-column-gap-default\">\n\t\t\t\t\t\t\t<div class=\"elementor-row\">\n\t\t\t\t\t<div class=\"elementor-column elementor-col-100 elementor-top-column elementor-element elementor-element-2515ac9\" data-id=\"2515ac9\" data-element_type=\"column\">\n\t\t\t<div class=\"elementor-column-wrap elementor-element-populated\">\n\t\t\t\t\t\t\t<div class=\"elementor-widget-wrap\">\n\t\t\t\t\t\t<div class=\"elementor-element elementor-element-50143bfa elementor-widget elementor-widget-text-editor\" data-id=\"50143bfa\" data-element_type=\"widget\" data-widget_type=\"text-editor.default\">\n\t\t\t\t<div class=\"elementor-widget-container\">\n\t\t\t\t\t\t\t\t<div class=\"elementor-text-editor elementor-clearfix\">\n\t\t\t\t<p><img loading=\"lazy\" class=\"size-full wp-image-1351 aligncenter\" src=\"http:\/\/www.moniazuber.pl\/wp-content\/uploads\/2019\/12\/monika.jpg\" alt=\"\" width=\"689\" height=\"400\" srcset=\"http:\/\/www.moniazuber.pl\/wp-content\/uploads\/2019\/12\/monika.jpg 689w, http:\/\/www.moniazuber.pl\/wp-content\/uploads\/2019\/12\/monika-300x174.jpg 300w\" sizes=\"(max-width: 689px) 100vw, 689px\" \/><\/p><h3 style=\"text-align: justify;\">Monika Zuber<\/h3><p style=\"text-align: justify;\">Pochodz\u0119 rodzinnie z Podlasia, urodzi\u0142am si\u0119 w Bia\u0142ymstoku i mieszka\u0142am tam 21 lat. Studiowa\u0142am dwa lata w Bia\u0142ymstoku na Politechnice architektur\u0119, a nast\u0119pnie teologi\u0119 ewangelick\u0105 we Wroc\u0142awiu i w Warszawie na uczelniach ekumenicznych (BST i ChAT). Dokszta\u0142ca\u0142am si\u0119 dodatkowo z dziedziny duszpasterstwa, psychologii, terapii behawioralnej, egzystencjalnej i przeciwdzia\u0142aniu przemocy w rodzinie. Pasjonuj\u0119 si\u0119 teologi\u0105 feministyczn\u0105, wsp\u00f3\u0142czesn\u0105 egzegez\u0105 Nowego Testamentu oraz socjologi\u0105 religii.<\/p><p style=\"text-align: justify;\">Mieszka\u0142am we Wroc\u0142awiu 8 lat i zakocha\u0142am si\u0119 w tym mie\u015bcie bardzo. Potem przeprowadzili\u015bmy si\u0119 do Tr\u00f3jmiasta (Gda\u0144sk), a nast\u0119pnie do Wejherowa na 3 pi\u0119kne lata. Kolejne p\u00f3\u0142tora roku mieszka\u0142am w Warszawie, i 7 miesi\u0119cy w Olsztynku. Obecnie jestem w E\u0142ku na Mazurach, jak i w Starych Juchach. Tak wi\u0119c wiod\u0119 \u017cycie nieco pielgrzymie, co akurat uwa\u017cam za urocz\u0105 przygod\u0119 \ud83d\ude09<\/p><p style=\"text-align: justify;\">Pracowa\u0142am w pozarz\u0105dowych organizacjach chrze\u015bcija\u0144skich, na uczelni teologicznej, firmie pozyskuj\u0105cej \u015brodki UE oraz udziela\u0142am si\u0119 wolontaryjnie w r\u00f3\u017cnych programach edukacyjnych, misyjnych i spo\u0142ecznych w Polsce i poza ni\u0105. Od lipca 2010 pracuj\u0119 jako pastorka (ksi\u0119\u017cna?) w Ko\u015bciele Ewangelicko-Metodystycznym. Po siedmiu latach pr\u00f3by (przed orydnacj\u0105) zosta\u0142am ordynowana w 2017 roku na pani\u0105 diakon (diakonk\u0119?) a w 2019 roku na pani\u0105 prezbiter(\/-k\u0119).<\/p><p style=\"text-align: justify;\">W naszym kraju nie tyle moja praca\/s\u0142u\u017cba\/zaw\u00f3d, co moja p\u0142e\u0107 mo\u017ce budzi\u0107 kontrowersje. Ko\u015bci\u00f3\u0142 Ewangelicko-Metodystyczny na \u015bwiecie jest otwarty na s\u0142u\u017cb\u0119 kobiet i ich ordynacj\u0119, zobaczymy, czy w Polsce r\u00f3wnie\u017c. Na \u015bwiecie w Ko\u015bciele Metodystycznym kobiety ordynowane s\u0105 na prezbiterki od ok. dwustu lat, w Europie od stu lat. W Polsce r\u00f3wnie\u017c pozosta\u0142e Ko\u015bcio\u0142y ewangelickie dopuszczaj\u0105 ordyacj\u0119 kobiet: Ko\u015bci\u00f3\u0142 Ewangelicko-Reformowany (kalwi\u0144ski) oraz\u00a0 Ko\u015bci\u00f3\u0142 Ewangelicko-Augsburski (lutera\u0144ski). Mam nadziej\u0119, \u017ce w najbli\u017cszych latach grono ordynowanych kobiet w Polsce si\u0119 powi\u0119kszy.<\/p><p style=\"text-align: justify;\">Moje pasje pozazawodowe (i spos\u00f3b na osobisty odpoczynek tw\u00f3rczy) to\u00a0<span style=\"letter-spacing: 0px;\">ceramika,\u00a0<\/span><span style=\"letter-spacing: 0px;\">malarstwo, grafika, design.<\/span><\/p><p style=\"text-align: justify;\">Mam m\u0119\u017ca Darka, c\u00f3reczk\u0119 Zosi\u0119, syn\u00f3w Stasia i Potrusia oraz dwa sier\u015bciuchy.<\/p><p style=\"text-align: justify;\">Wklejam poni\u017cej dwa wpisy z mojego starego bloga: o zmianie i relacjach mi\u0119dzyludzkich. Opisuj\u0105 one wa\u017cne aspekty mojej to\u017csamo\u015bci i uwa\u017cam, \u017ce s\u0105 wyrazem mojego internetowego ekshibicjonizmu \ud83d\ude09<\/p><p style=\"text-align: justify;\">~~~~~~~~~~~~<\/p><h2 style=\"text-align: justify;\">dynamiczne mapy i po\u0142atane horyzonty<\/h2><p style=\"text-align: justify;\"><span style=\"color: #999999;\">pi\u0105tek, 25 wrze\u015bnia 2009 13:33<\/span><br \/>startuj\u0105c w m\u0142odo\u015b\u0107, a nast\u0119pnie doros\u0142e \u017cycie mia\u0142am<br \/>jasne wyobra\u017cenia i konkretne mapy \u017cyciowe<br \/>narysowane w\u0142asnymi marzeniami, celami i d\u0105\u017ceniami<br \/>ich przejrzysto\u015b\u0107 dodawa\u0142a mi odwagi<br \/>a pierwsze wysi\u0142ki ich korekty napawa\u0142y strachem<br \/>ba\u0142am si\u0119 zmian, jak ognia, kt\u00f3ry poch\u0142onie moje mapy bez pami\u0119ci<br \/>i zatopi w otch\u0142ani zagubienia moje kruche \u017cycie<\/p><p style=\"text-align: justify;\">z-m-i-a-n-a jednak niespodziewanie sta\u0142a si\u0119 nieodzown\u0105 towarzyszk\u0105 mej codzienno\u015bci<br \/>najpierw nieproszona i niechciana, potem jako z\u0142o konieczne<br \/>a\u017c w ko\u0144cu &#8211; jako sprzymierzeniec marze\u0144<br \/>lub jak przyjaci\u00f3\u0142ka podr\u00f3\u017cy do dalekich krain<\/p><p style=\"text-align: justify;\">moje mapy coraz cz\u0119\u015bciej pokre\u015blone i korygowane<br \/>zmienia\u0142y wsp\u00f3\u0142rz\u0119dne geograficzne<br \/>trasy szlak\u00f3w, dr\u00f3g i ukszta\u0142towanie terenu<br \/>coraz cz\u0119\u015bciej nie kre\u015bli\u0142am ich ju\u017c sama<br \/>cz\u0119sto cyrkiel i o\u0142\u00f3wek by\u0142 w r\u0119kach innych<br \/>pojawia\u0142y si\u0119 cudze notatki w r\u00f3\u017cnych kolorach atramentu<br \/>praca wsp\u00f3lna, symfonia odmiennych talent\u00f3w i perspektyw<\/p><p style=\"text-align: justify;\">czasem na tej pogi\u0119tej i wym\u0119czonej d\u0142ug\u0105 prac\u0105 mapie<br \/>staj\u0119 bosymi stopami, a w r\u0119kach trzymam lornetk\u0119,<br \/>unosz\u0119 si\u0119 na palcach delikatnie<br \/>i przez lornetk\u0119 patrz\u0119 na horyzont przede mn\u0105<br \/>nadaj\u0105c mapie realnych kszta\u0142t\u00f3w rzeczywisto\u015bci<br \/>\u0142api\u0119 jej tr\u00f3jwymiarow\u0105 przestrze\u0144<\/p><p style=\"text-align: justify;\">horyzont niegdy\u015b prosty i jednoznaczny<br \/>dzisiaj sporo po\u0142atany<br \/>ca\u0142y w szwach i nowych liniach<br \/>nabra\u0142 te\u017c wielu ciekawych kolor\u00f3w i ich odcieni<br \/>ju\u017c nie taki ca\u0142kiem prosty<br \/>przesta\u0142 by\u0107 jednoznaczny<br \/>teraz nie rz\u0105dzi nim fizyka<br \/>a geometria wykre\u015blna ca\u0142kiem posz\u0142a w \u0142eb<\/p><p style=\"text-align: justify;\">kiedy\u015b moje mapy by\u0142y narz\u0119dziem<br \/>penetracji nieprzyjaznego \u015bwiata poza mn\u0105<br \/>dzisiaj coraz cz\u0119\u015bciej linie map prowadz\u0105 r\u00f3wnie\u017c poprzez<br \/>moje serce i wg\u0142\u0105b mojej duszy<br \/>zatar\u0142y si\u0119 granice<br \/>mi\u0119dzy mn\u0105, map\u0105 a reszt\u0105 \u015bwiata<br \/>kt\u00f3ry ju\u017c nie taki nieprzyjazny<br \/>ale mocno zespolony i niezb\u0119dny<\/p><p style=\"text-align: justify;\"><img loading=\"lazy\" class=\"size-full wp-image-1325 aligncenter\" src=\"http:\/\/www.moniazuber.pl\/wp-content\/uploads\/2019\/10\/maps.jpg\" alt=\"\" width=\"720\" height=\"515\" srcset=\"http:\/\/www.moniazuber.pl\/wp-content\/uploads\/2019\/10\/maps.jpg 720w, http:\/\/www.moniazuber.pl\/wp-content\/uploads\/2019\/10\/maps-300x215.jpg 300w\" sizes=\"(max-width: 720px) 100vw, 720px\" \/><\/p><p style=\"text-align: justify;\">\u015bcie\u017cki, lasy, wzg\u00f3rza i doliny<br \/>nieprzebrane krainy<br \/>po kt\u00f3rych biegn\u0119 pe\u0142na zapa\u0142u<br \/>lub spaceruj\u0119 zachwycona<br \/>stop\u0105 dotykaj\u0105c nowych szlak\u00f3w na mej mapie<br \/>i zostawiaj\u0105c mokry \u015blad we w\u0142asnej duszy<br \/>jak na soczystym mchu lasu<br \/>kolejny krok ku \u015bwiatu i w g\u0142\u0105b serca<\/p><p style=\"text-align: justify;\">przede mn\u0105 ju\u017c nie jasny, konkretny cel<br \/>lecz pag\u00f3rki za kt\u00f3rymi<br \/>czekaj\u0105 nowe przygody \u017cycia<br \/>dynamika tajemniczych zagadek<br \/>na kt\u00f3re odpowied\u017a ju\u017c nigdy nie b\u0119dzie jednoznaczna&#8230;<\/p><h2 style=\"text-align: justify;\">ka\u017cdy kawa\u0142ek mnie<\/h2><p style=\"text-align: justify;\"><span style=\"color: #999999;\">niedziela, 02 sierpnia 2009 14:20<\/span><br \/>ka\u017cde spotkanie to wsp\u00f3lny posi\u0142ek chwil<\/p><p style=\"text-align: justify;\">rwanie my\u015bli na p\u00f3\u0142<br \/>cz\u0119stowanie si\u0119 rado\u015bci\u0105<br \/>i wsp\u00f3lna \u0142za wzruszenia nad zachodem s\u0142o\u0144ca<\/p><p style=\"text-align: justify;\">ka\u017cde rozstanie to wyrwany kawa\u0142ek serca<br \/>rozstanie z cz\u0119\u015bci\u0105 wsp\u00f3ln\u0105, co sta\u0142a si\u0119 moj\u0105<br \/>\u017cal za chwilami co mog\u0142y by jeszcze zakwitn\u0105\u0107<\/p><p style=\"text-align: justify;\">mimo, \u017ce boli nie \u017ca\u0142uj\u0119 \u017cadnego kawa\u0142ka siebie<\/p><p style=\"text-align: justify;\">kt\u00f3ry pow\u0119drowa\u0142 z wami w r\u00f3\u017cne \u015bwiaty (i za\u015bwiaty)<br \/>gdzie\u015b tam mg\u0142y naszych wsp\u00f3lnych chwil drgaj\u0105 pod chmurami wspomnie\u0144<img loading=\"lazy\" class=\"size-medium wp-image-97 alignnone\" title=\"ciep\u0142e_chmury\" src=\"http:\/\/www.moniazuber.pl\/wp-content\/uploads\/2010\/07\/cieplechmury-300x55.jpg\" alt=\"ciep\u0142e_chmury\" width=\"300\" height=\"55\" srcset=\"http:\/\/www.moniazuber.pl\/wp-content\/uploads\/2010\/07\/cieplechmury-300x55.jpg 300w, http:\/\/www.moniazuber.pl\/wp-content\/uploads\/2010\/07\/cieplechmury.jpg 400w\" sizes=\"(max-width: 300px) 100vw, 300px\" \/><\/p><p style=\"text-align: justify;\">warto kawa\u0142ek po kawa\u0142ku rwa\u0107 w\u0142asne serce<br \/>by dzieli\u0107 i \u0142\u0105czy\u0107 \u017cycie<br \/>kawa\u0142ki mej duszy unosi wiatr po \u015bwiecie<br \/>jak mg\u0142y wieczorem<br \/>niech p\u0142yn\u0105 rado\u015bnie<\/p><p style=\"text-align: justify;\">to m\u00f3j sens bycia<\/p><p style=\"text-align: justify;\">me serce wci\u0105\u017c pe\u0142ne<br \/>a dusza wci\u0105\u017c si\u0119 wylewa<br \/>tak jak nie zabrak\u0142o chleba i ryb, gdy dzieli\u0142a je Mi\u0142o\u015b\u0107<br \/>na kawa\u0142eczki wsp\u00f3lnego szcz\u0119\u015bcia<\/p><p style=\"text-align: justify;\">\u00a0<\/p>\t\t\t\t\t<\/div>\n\t\t\t\t\t\t<\/div>\n\t\t\t\t<\/div>\n\t\t\t\t\t\t<\/div>\n\t\t\t\t\t<\/div>\n\t\t<\/div>\n\t\t\t\t\t\t\t\t<\/div>\n\t\t\t\t\t<\/div>\n\t\t<\/section>\n\t\t\t\t\t\t<\/div>\n\t\t\t\t\t\t<\/div>\n\t\t\t\t\t<\/div>\n\t\t","protected":false},"excerpt":{"rendered":"<p>Monika Zuber Pochodz\u0119 rodzinnie z Podlasia, urodzi\u0142am si\u0119 w Bia\u0142ymstoku i mieszka\u0142am tam 21 lat. Studiowa\u0142am dwa lata w Bia\u0142ymstoku na Politechnice architektur\u0119, a nast\u0119pnie teologi\u0119 ewangelick\u0105 we Wroc\u0142awiu i w Warszawie na uczelniach ekumenicznych (BST i ChAT). Dokszta\u0142ca\u0142am si\u0119 dodatkowo z dziedziny duszpasterstwa, psychologii, terapii behawioralnej, egzystencjalnej i przeciwdzia\u0142aniu przemocy w rodzinie. Pasjonuj\u0119 si\u0119 teologi\u0105 feministyczn\u0105, wsp\u00f3\u0142czesn\u0105 egzegez\u0105 Nowego Testamentu oraz socjologi\u0105 religii. Mieszka\u0142am we Wroc\u0142awiu 8 lat i zakocha\u0142am si\u0119 w tym mie\u015bcie bardzo. Potem przeprowadzili\u015bmy si\u0119 do Tr\u00f3jmiasta (Gda\u0144sk), a nast\u0119pnie do Wejherowa na 3 pi\u0119kne lata. Kolejne p\u00f3\u0142tora roku mieszka\u0142am w Warszawie, i 7 miesi\u0119cy w Olsztynku. Obecnie jestem w E\u0142ku na Mazurach, jak i w Starych Juchach. Tak wi\u0119c wiod\u0119 \u017cycie nieco pielgrzymie, co akurat uwa\u017cam za urocz\u0105 przygod\u0119 \ud83d\ude09 Pracowa\u0142am w pozarz\u0105dowych organizacjach chrze\u015bcija\u0144skich, na uczelni teologicznej, firmie pozyskuj\u0105cej \u015brodki UE oraz udziela\u0142am si\u0119 wolontaryjnie w r\u00f3\u017cnych programach edukacyjnych, misyjnych i spo\u0142ecznych w Polsce i poza ni\u0105. Od lipca 2010 pracuj\u0119 jako pastorka (ksi\u0119\u017cna?) w Ko\u015bciele Ewangelicko-Metodystycznym. Po siedmiu latach pr\u00f3by (przed orydnacj\u0105) zosta\u0142am ordynowana w 2017 roku na pani\u0105 diakon (diakonk\u0119?) a w 2019 roku na pani\u0105 prezbiter(\/-k\u0119). W naszym kraju nie tyle moja praca\/s\u0142u\u017cba\/zaw\u00f3d, co moja p\u0142e\u0107 mo\u017ce budzi\u0107 kontrowersje. Ko\u015bci\u00f3\u0142 Ewangelicko-Metodystyczny na \u015bwiecie jest otwarty na s\u0142u\u017cb\u0119 kobiet i ich ordynacj\u0119, zobaczymy, czy w Polsce r\u00f3wnie\u017c. Na \u015bwiecie w Ko\u015bciele Metodystycznym kobiety ordynowane s\u0105 na prezbiterki od ok. dwustu lat, w Europie od stu lat. W Polsce r\u00f3wnie\u017c pozosta\u0142e Ko\u015bcio\u0142y ewangelickie dopuszczaj\u0105 ordyacj\u0119 kobiet: Ko\u015bci\u00f3\u0142 Ewangelicko-Reformowany (kalwi\u0144ski) oraz\u00a0 Ko\u015bci\u00f3\u0142 Ewangelicko-Augsburski (lutera\u0144ski). Mam nadziej\u0119, \u017ce w najbli\u017cszych latach grono ordynowanych kobiet w Polsce si\u0119 powi\u0119kszy. Moje pasje pozazawodowe (i spos\u00f3b na osobisty odpoczynek tw\u00f3rczy) to\u00a0ceramika,\u00a0malarstwo, grafika, design. Mam m\u0119\u017ca Darka, c\u00f3reczk\u0119 Zosi\u0119, syn\u00f3w Stasia i Potrusia oraz dwa sier\u015bciuchy. Wklejam poni\u017cej dwa wpisy z mojego starego bloga: o zmianie i relacjach mi\u0119dzyludzkich. Opisuj\u0105 one wa\u017cne aspekty mojej to\u017csamo\u015bci i uwa\u017cam, \u017ce s\u0105 wyrazem mojego internetowego ekshibicjonizmu \ud83d\ude09 ~~~~~~~~~~~~ dynamiczne mapy i po\u0142atane horyzonty pi\u0105tek, 25 wrze\u015bnia 2009 13:33startuj\u0105c w m\u0142odo\u015b\u0107, a nast\u0119pnie doros\u0142e \u017cycie mia\u0142amjasne wyobra\u017cenia i konkretne mapy \u017cyciowenarysowane w\u0142asnymi marzeniami, celami i d\u0105\u017ceniamiich przejrzysto\u015b\u0107 dodawa\u0142a mi odwagia pierwsze wysi\u0142ki ich korekty napawa\u0142y strachemba\u0142am si\u0119 zmian, jak ognia, kt\u00f3ry poch\u0142onie moje mapy bez pami\u0119cii zatopi w otch\u0142ani zagubienia moje kruche \u017cycie z-m-i-a-n-a jednak niespodziewanie sta\u0142a si\u0119 nieodzown\u0105 towarzyszk\u0105 mej codzienno\u015bcinajpierw nieproszona i niechciana, potem jako z\u0142o koniecznea\u017c w ko\u0144cu &#8211; jako sprzymierzeniec marze\u0144lub jak przyjaci\u00f3\u0142ka podr\u00f3\u017cy do dalekich krain moje mapy coraz cz\u0119\u015bciej pokre\u015blone i korygowanezmienia\u0142y wsp\u00f3\u0142rz\u0119dne geograficznetrasy szlak\u00f3w, dr\u00f3g i ukszta\u0142towanie terenucoraz cz\u0119\u015bciej nie kre\u015bli\u0142am ich ju\u017c samacz\u0119sto cyrkiel i o\u0142\u00f3wek by\u0142 w r\u0119kach innychpojawia\u0142y si\u0119 cudze notatki w r\u00f3\u017cnych kolorach atramentupraca wsp\u00f3lna, symfonia odmiennych talent\u00f3w i perspektyw czasem na tej pogi\u0119tej i wym\u0119czonej d\u0142ug\u0105 prac\u0105 mapiestaj\u0119 bosymi stopami, a w r\u0119kach trzymam lornetk\u0119,unosz\u0119 si\u0119 na palcach delikatniei przez lornetk\u0119 patrz\u0119 na horyzont przede mn\u0105nadaj\u0105c mapie realnych kszta\u0142t\u00f3w rzeczywisto\u015bci\u0142api\u0119 jej tr\u00f3jwymiarow\u0105 przestrze\u0144 horyzont niegdy\u015b prosty i jednoznacznydzisiaj sporo po\u0142atanyca\u0142y w szwach i nowych liniachnabra\u0142 te\u017c wielu ciekawych kolor\u00f3w i ich odcieniju\u017c nie taki ca\u0142kiem prostyprzesta\u0142 by\u0107 jednoznacznyteraz nie rz\u0105dzi nim fizykaa geometria wykre\u015blna ca\u0142kiem posz\u0142a w \u0142eb kiedy\u015b moje mapy by\u0142y narz\u0119dziempenetracji nieprzyjaznego \u015bwiata poza mn\u0105dzisiaj coraz cz\u0119\u015bciej linie map prowadz\u0105 r\u00f3wnie\u017c poprzezmoje serce i wg\u0142\u0105b mojej duszyzatar\u0142y si\u0119 granicemi\u0119dzy mn\u0105, map\u0105 a reszt\u0105 \u015bwiatakt\u00f3ry ju\u017c nie taki nieprzyjaznyale mocno zespolony i niezb\u0119dny \u015bcie\u017cki, lasy, wzg\u00f3rza i dolinynieprzebrane krainypo kt\u00f3rych biegn\u0119 pe\u0142na zapa\u0142ulub spaceruj\u0119 zachwyconastop\u0105 dotykaj\u0105c nowych szlak\u00f3w na mej mapiei zostawiaj\u0105c mokry \u015blad we w\u0142asnej duszyjak na soczystym mchu lasukolejny krok ku \u015bwiatu i w g\u0142\u0105b serca przede mn\u0105 ju\u017c nie jasny, konkretny cellecz pag\u00f3rki za kt\u00f3rymiczekaj\u0105 nowe przygody \u017cyciadynamika tajemniczych zagadekna kt\u00f3re odpowied\u017a ju\u017c nigdy nie b\u0119dzie jednoznaczna&#8230; ka\u017cdy kawa\u0142ek mnie niedziela, 02 sierpnia 2009 14:20ka\u017cde spotkanie to wsp\u00f3lny posi\u0142ek chwil rwanie my\u015bli na p\u00f3\u0142cz\u0119stowanie si\u0119 rado\u015bci\u0105i wsp\u00f3lna \u0142za wzruszenia nad zachodem s\u0142o\u0144ca ka\u017cde rozstanie to wyrwany kawa\u0142ek sercarozstanie z cz\u0119\u015bci\u0105 wsp\u00f3ln\u0105, co sta\u0142a si\u0119 moj\u0105\u017cal za chwilami co mog\u0142y by jeszcze zakwitn\u0105\u0107 mimo, \u017ce boli nie \u017ca\u0142uj\u0119 \u017cadnego kawa\u0142ka siebie kt\u00f3ry pow\u0119drowa\u0142 z wami w r\u00f3\u017cne \u015bwiaty (i za\u015bwiaty)gdzie\u015b tam mg\u0142y naszych wsp\u00f3lnych chwil drgaj\u0105 pod chmurami wspomnie\u0144 warto kawa\u0142ek po kawa\u0142ku rwa\u0107 w\u0142asne serceby dzieli\u0107 i \u0142\u0105czy\u0107 \u017cyciekawa\u0142ki mej duszy unosi wiatr po \u015bwieciejak mg\u0142y wieczoremniech p\u0142yn\u0105 rado\u015bnie to m\u00f3j sens bycia me serce wci\u0105\u017c pe\u0142nea dusza wci\u0105\u017c si\u0119 wylewatak jak nie zabrak\u0142o chleba i ryb, gdy dzieli\u0142a je Mi\u0142o\u015b\u0107na kawa\u0142eczki wsp\u00f3lnego szcz\u0119\u015bcia \u00a0<\/p>\n","protected":false},"author":1,"featured_media":0,"parent":0,"menu_order":2,"comment_status":"closed","ping_status":"closed","template":"","meta":{"ngg_post_thumbnail":0},"_links":{"self":[{"href":"http:\/\/www.moniazuber.pl\/index.php?rest_route=\/wp\/v2\/pages\/3"}],"collection":[{"href":"http:\/\/www.moniazuber.pl\/index.php?rest_route=\/wp\/v2\/pages"}],"about":[{"href":"http:\/\/www.moniazuber.pl\/index.php?rest_route=\/wp\/v2\/types\/page"}],"author":[{"embeddable":true,"href":"http:\/\/www.moniazuber.pl\/index.php?rest_route=\/wp\/v2\/users\/1"}],"replies":[{"embeddable":true,"href":"http:\/\/www.moniazuber.pl\/index.php?rest_route=%2Fwp%2Fv2%2Fcomments&post=3"}],"version-history":[{"count":66,"href":"http:\/\/www.moniazuber.pl\/index.php?rest_route=\/wp\/v2\/pages\/3\/revisions"}],"predecessor-version":[{"id":1487,"href":"http:\/\/www.moniazuber.pl\/index.php?rest_route=\/wp\/v2\/pages\/3\/revisions\/1487"}],"wp:attachment":[{"href":"http:\/\/www.moniazuber.pl\/index.php?rest_route=%2Fwp%2Fv2%2Fmedia&parent=3"}],"curies":[{"name":"wp","href":"https:\/\/api.w.org\/{rel}","templated":true}]}}